{"id":2946,"date":"2020-03-22T22:11:58","date_gmt":"2020-03-22T21:11:58","guid":{"rendered":"https:\/\/www.esterpineda.com\/?page_id=2946"},"modified":"2025-10-07T22:22:55","modified_gmt":"2025-10-07T20:22:55","slug":"home-2-2","status":"publish","type":"page","link":"https:\/\/www.esterpineda.com\/index.php\/home-2-2\/","title":{"rendered":"Recherche"},"content":{"rendered":"<p>[vc_row css_animation=\u00a0\u00bb\u00a0\u00bb row_type=\u00a0\u00bbrow\u00a0\u00bb use_row_as_full_screen_section=\u00a0\u00bbno\u00a0\u00bb type=\u00a0\u00bbgrid\u00a0\u00bb angled_section=\u00a0\u00bbno\u00a0\u00bb text_align=\u00a0\u00bbleft\u00a0\u00bb background_image_as_pattern=\u00a0\u00bbwithout_pattern\u00a0\u00bb z_index=\u00a0\u00bb\u00a0\u00bb css=\u00a0\u00bb.vc_custom_1522417278763{padding-top: 25px !important;}\u00a0\u00bb][vc_column offset=\u00a0\u00bbvc_col-lg-offset-0 vc_col-lg-6 vc_col-md-offset-0 vc_col-md-12 vc_col-xs-12&Prime;][qode_elements_holder number_of_columns=\u00a0\u00bbone_column\u00a0\u00bb][qode_elements_holder_item vertical_alignment=\u00a0\u00bbmiddle\u00a0\u00bb horizontal_alignment=\u00a0\u00bbcenter\u00a0\u00bb advanced_animations=\u00a0\u00bbno\u00a0\u00bb item_padding=\u00a0\u00bb0 13% 0 26%\u00a0\u00bb item_padding_768_1024=\u00a0\u00bb0 15% 0 16%\u00a0\u00bb item_padding_600_768=\u00a0\u00bb0 1% 0 1%\u00a0\u00bb item_padding_480_600=\u00a0\u00bb0 0 0 0&Prime; item_padding_480=\u00a0\u00bb0 0 0 0&Prime;][vc_empty_space height=\u00a0\u00bb50px\u00a0\u00bb][vc_single_image image=\u00a0\u00bb2884&Prime; img_size=\u00a0\u00bbfull\u00a0\u00bb qode_css_animation=\u00a0\u00bb\u00a0\u00bb][\/qode_elements_holder_item][\/qode_elements_holder][\/vc_column][vc_column offset=\u00a0\u00bbvc_col-lg-offset-0 vc_col-lg-6 vc_col-md-offset-0 vc_col-md-12 vc_col-sm-offset-0 vc_col-xs-12&Prime;][qode_elements_holder number_of_columns=\u00a0\u00bbone_column\u00a0\u00bb][qode_elements_holder_item vertical_alignment=\u00a0\u00bbmiddle\u00a0\u00bb horizontal_alignment=\u00a0\u00bbcenter\u00a0\u00bb advanced_animations=\u00a0\u00bbno\u00a0\u00bb item_padding=\u00a0\u00bb21px 205px 0 0px\u00a0\u00bb item_padding_1280_1440=\u00a0\u00bb0px 134px 0 0px\u00a0\u00bb item_padding_768_1024=\u00a0\u00bb60px 172px 0 172px\u00a0\u00bb item_padding_600_768=\u00a0\u00bb60px 2px 0 2px\u00a0\u00bb item_padding_480_600=\u00a0\u00bb21px 15px 0 0px\u00a0\u00bb item_padding_480=\u00a0\u00bb21px 15px 0 0px\u00a0\u00bb][vc_column_text]<\/p>\n<p style=\"text-align: left;\">Docteure en musicologie syst\u00e9matique (Sorbonne Universit\u00e9-Universit\u00e9 de Caen) Ester Pineda s\u2019int\u00e9resse \u00e0 l\u2019activit\u00e9 c\u00e9r\u00e9brale dans l\u2019interpr\u00e9tation musicale. \u00c0 la crois\u00e9e de la neuropsychologie cognitive et de la musicologie, ses travaux portent sur les processus cognitifs li\u00e9s \u00e0 l\u2019audition int\u00e9rieure et leur rapport avec la gestuelle afin de montrer comment ces connaissances peuvent optimiser certaines situations d\u2019enseignement-apprentissage.<\/p>\n<p>&nbsp;<\/p>\n<p>Membre du conseil scientifique du Centre Europ\u00e9en de Musique (CEM), Ester Pineda est chercheuse associ\u00e9e aux laboratoires <em>IReMus<\/em> (Sorbonne Universit\u00e9) et CREAA (Universit\u00e9 de Strasbourg).<\/p>\n<p>&nbsp;<\/p>\n<p style=\"text-align: center;\"><em>Le c\u0153ur de mon travail acad\u00e9mique r\u00e9side dans l&rsquo;int\u00e9gration de la recherche th\u00e9orique, empirique et pratique, qui est \u00e9troitement li\u00e9e \u00e0 mon exp\u00e9rience en tant qu&rsquo;interpr\u00e8te et enseignante.<\/em><\/p>\n<p>[\/vc_column_text][vc_empty_space height=\u00a0\u00bb36px\u00a0\u00bb][vc_column_text]<\/p>\n<h3><\/h3>\n<h2><\/h2>\n<h2 style=\"text-align: left;\">LABORATOIRES D&rsquo;AFFILIATION<\/h2>\n<p>[\/vc_column_text][vc_empty_space height=\u00a0\u00bb36px\u00a0\u00bb]<a  itemprop=\"url\" href=\"https:\/\/www.iremus.cnrs.fr\/fr\" target=\"_blank\" data-hover-background-color='#333333' data-hover-border-color='#333333' data-hover-color='#ffffff' class=\"qbutton  medium default\" style=\"\">Musicologie - IReMus<\/a>[vc_empty_space height=\u00a0\u00bb36px\u00a0\u00bb]<a  itemprop=\"url\" href=\"https:\/\/creaa.unistra.fr\/le-creaa\/organisation\/membres\/chercheurs-associes\/ester-pineda\/\" target=\"_blank\" data-hover-background-color='#333333' data-hover-border-color='#333333' data-hover-color='#ffffff' class=\"qbutton  medium default\" style=\"\">CREAA - Universit\u00e9 de Strasbourg<\/a>[vc_empty_space height=\u00a0\u00bb36px\u00a0\u00bb][\/qode_elements_holder_item][\/qode_elements_holder][\/vc_column][\/vc_row][vc_row css_animation=\u00a0\u00bb\u00a0\u00bb row_type=\u00a0\u00bbrow\u00a0\u00bb use_row_as_full_screen_section=\u00a0\u00bbno\u00a0\u00bb type=\u00a0\u00bbgrid\u00a0\u00bb angled_section=\u00a0\u00bbno\u00a0\u00bb text_align=\u00a0\u00bbleft\u00a0\u00bb background_image_as_pattern=\u00a0\u00bbwithout_pattern\u00a0\u00bb css=\u00a0\u00bb.vc_custom_1522401067617{padding-top: 150px !important;padding-bottom: 155px !important;background-image: url(https:\/\/bridge206.qodeinteractive.com\/wp-content\/uploads\/2018\/03\/background-h1.jpg?id=51) !important;}\u00a0\u00bb z_index=\u00a0\u00bb\u00a0\u00bb][vc_column offset=\u00a0\u00bbvc_col-lg-offset-0 vc_col-lg-6 vc_col-md-offset-0 vc_col-md-12 vc_col-sm-offset-0 vc_col-xs-12&Prime;][qode_elements_holder number_of_columns=\u00a0\u00bbone_column\u00a0\u00bb][qode_elements_holder_item vertical_alignment=\u00a0\u00bbmiddle\u00a0\u00bb horizontal_alignment=\u00a0\u00bbcenter\u00a0\u00bb advanced_animations=\u00a0\u00bbno\u00a0\u00bb item_padding=\u00a0\u00bb38px 0 0 158px\u00a0\u00bb item_padding_1024_1280=\u00a0\u00bb15px 0 0 148px\u00a0\u00bb item_padding_768_1024=\u00a0\u00bb0px 133px 100px 133px\u00a0\u00bb item_padding_600_768=\u00a0\u00bb0px 33px 100px 33px\u00a0\u00bb item_padding_480_600=\u00a0\u00bb38px 0 70px 0px\u00a0\u00bb item_padding_480=\u00a0\u00bb38px 0 70px 0px\u00a0\u00bb][vc_column_text el_id=\u00a0\u00bbAcheter le livre\u00a0\u00bb]<\/p>\n<h2>PUBLICATIONS<\/h2>\n<h3><em>Le Corps Musicien: vers une m\u00e9thode sensorielle de l&rsquo;interpr\u00e9tation pianistique<\/em><\/h3>\n<p>[\/vc_column_text][vc_column_text]<\/p>\n<p style=\"text-align: left;\"><em>Sp\u00e9cialis\u00e9e en neuropsychologie musicale, Ester Pineda approfondit l\u2019impact de la pratique musicale sur l\u2019activit\u00e9 c\u00e9r\u00e9brale. Cet ouvrage tripartite met en \u00e9vidence le r\u00f4le du corps dans l\u2019apprentissage de la musique gr\u00e2ce aux d\u00e9couvertes op\u00e9r\u00e9es par les sciences cognitives. L\u2019auteure r\u00e9ussit \u00e0 \u00e9tablir une \u00ab corr\u00e9lation entre la conscience corporelle et le jeu lui-m\u00eame \u00bb, et aboutit \u00e0 une red\u00e9finition du rapport \u00e0 l\u2019\u0153uvre musicale, de la transmission (cf. sch\u00e9ma descriptif de la transmission musicale, p. 116) et de l\u2019enseignement. Un pas de plus vers une introspection en connaissance de cause du \u00ab corps musicien \u00bb.\u00a0<\/em><\/p>\n<p>[\/vc_column_text][vc_empty_space height=\u00a0\u00bb25px\u00a0\u00bb][vc_column_text]<strong>\u00c9dith Weber<\/strong>\u00a9 L&rsquo;\u00c9DUCATION MUSICALE 2019[\/vc_column_text][\/qode_elements_holder_item][\/qode_elements_holder][\/vc_column][vc_column offset=\u00a0\u00bbvc_col-lg-offset-0 vc_col-lg-6 vc_col-md-offset-0 vc_col-md-12 vc_col-xs-12&Prime;][qode_elements_holder number_of_columns=\u00a0\u00bbone_column\u00a0\u00bb][qode_elements_holder_item vertical_alignment=\u00a0\u00bbmiddle\u00a0\u00bb horizontal_alignment=\u00a0\u00bbcenter\u00a0\u00bb advanced_animations=\u00a0\u00bbno\u00a0\u00bb item_padding=\u00a0\u00bb0 30% 0 4%\u00a0\u00bb item_padding_768_1024=\u00a0\u00bb0 12% 0 4%\u00a0\u00bb item_padding_600_768=\u00a0\u00bb0 8% 0 0%\u00a0\u00bb item_padding_480_600=\u00a0\u00bb0 5% 0 0%\u00a0\u00bb item_padding_480=\u00a0\u00bb0 5% 0 0%\u00a0\u00bb][vc_single_image image=\u00a0\u00bb245&Prime; img_size=\u00a0\u00bbfull\u00a0\u00bb qode_css_animation=\u00a0\u00bb\u00a0\u00bb][vc_empty_space height=\u00a0\u00bb50px\u00a0\u00bb]<a  itemprop=\"url\" href=\"https:\/\/www.editions-delatour.com\/fr\/pedagogie-musicale\/4255-le-corps-musicien-vers-une-methode-sensorielle-de-l-interpretation-pianistique-9782752103833.html\" target=\"_blank\" data-hover-background-color='#333333' data-hover-border-color='#333333' data-hover-color='#ffffff' class=\"qbutton  large default\" style=\"\">\u00c9ditions DELATOUR<\/a>[\/qode_elements_holder_item][\/qode_elements_holder][\/vc_column][\/vc_row][vc_row css_animation=\u00a0\u00bb\u00a0\u00bb row_type=\u00a0\u00bbrow\u00a0\u00bb use_row_as_full_screen_section=\u00a0\u00bbno\u00a0\u00bb type=\u00a0\u00bbgrid\u00a0\u00bb angled_section=\u00a0\u00bbno\u00a0\u00bb text_align=\u00a0\u00bbleft\u00a0\u00bb background_image_as_pattern=\u00a0\u00bbwithout_pattern\u00a0\u00bb css=\u00a0\u00bb.vc_custom_1522401067617{padding-top: 150px !important;padding-bottom: 155px !important;background-image: url(https:\/\/bridge206.qodeinteractive.com\/wp-content\/uploads\/2018\/03\/background-h1.jpg?id=51) !important;}\u00a0\u00bb z_index=\u00a0\u00bb\u00a0\u00bb][vc_column offset=\u00a0\u00bbvc_col-lg-offset-0 vc_col-lg-6 vc_col-md-offset-0 vc_col-md-12 vc_col-sm-offset-0 vc_col-xs-12&Prime;][qode_elements_holder number_of_columns=\u00a0\u00bbone_column\u00a0\u00bb][qode_elements_holder_item vertical_alignment=\u00a0\u00bbmiddle\u00a0\u00bb horizontal_alignment=\u00a0\u00bbcenter\u00a0\u00bb advanced_animations=\u00a0\u00bbno\u00a0\u00bb item_padding=\u00a0\u00bb38px 0 0 158px\u00a0\u00bb item_padding_1024_1280=\u00a0\u00bb15px 0 0 148px\u00a0\u00bb item_padding_768_1024=\u00a0\u00bb0px 133px 100px 133px\u00a0\u00bb item_padding_600_768=\u00a0\u00bb0px 33px 100px 33px\u00a0\u00bb item_padding_480_600=\u00a0\u00bb38px 0 70px 0px\u00a0\u00bb item_padding_480=\u00a0\u00bb38px 0 70px 0px\u00a0\u00bb][vc_column_text]<\/p>\n<h2><em>LES ANNALES DE M\u00c9TACLASSIQUE<\/em><\/h2>\n<h3>Novembre 2020<\/h3>\n<h4>Coll. Musiques XX et XXIe si\u00e8cle<\/h4>\n<h4>Dirig\u00e9 par David Christoffel<\/h4>\n<p>[\/vc_column_text][vc_empty_space height=\u00a0\u00bb25px\u00a0\u00bb][vc_column_text]<\/p>\n<p style=\"text-align: left;\"><em>\u00ab Attaquer \u00bb, \u00ab G\u00e9n\u00e9rer \u00bb, \u00ab Enchanter \u00bb, \u00ab Cliver \u00bb, \u00ab Exag\u00e9rer \u00bb, \u00ab Dramatiser \u00bb, \u00ab Incarner \u00bb\u2026 Qu\u2019elle soit sur sc\u00e8ne ou dans la vie, la musique est action. De la fabrication \u00e0 la r\u00e9ception, en passant par les ambivalences de la m\u00e9diation musicale, ce volume rassemble des entretiens men\u00e9s au cours de la premi\u00e8re ann\u00e9e de l&rsquo;\u00e9mission Metaclassique. En convoquant th\u00e9oriciens et praticiens, musicologues et musiciens, en sollicitant la comp\u00e9tence d\u2019experts de toute sorte de disciplines, cette collection multiplie les angles de questionnement pour interroger et transmettre l\u2019h\u00e9ritage humaniste des musiques savantes occidentales. Diffus\u00e9e par plusieurs dizaines de radios associatives chaque semaine, Metaclassique poursuit ainsi l\u2019id\u00e9al d\u2019une radio d\u2019\u00e9ducation populaire.<\/em><\/p>\n<p>[\/vc_column_text][vc_empty_space height=\u00a0\u00bb25px\u00a0\u00bb][vc_column_text]<\/p>\n<p style=\"text-align: left;\"><strong>David Christoffel <\/strong><\/p>\n<p>[\/vc_column_text][\/qode_elements_holder_item][\/qode_elements_holder][\/vc_column][vc_column offset=\u00a0\u00bbvc_col-lg-offset-0 vc_col-lg-6 vc_col-md-offset-0 vc_col-md-12 vc_col-xs-12&Prime;][qode_elements_holder number_of_columns=\u00a0\u00bbone_column\u00a0\u00bb][qode_elements_holder_item vertical_alignment=\u00a0\u00bbmiddle\u00a0\u00bb horizontal_alignment=\u00a0\u00bbcenter\u00a0\u00bb advanced_animations=\u00a0\u00bbno\u00a0\u00bb item_padding=\u00a0\u00bb0 30% 0 4%\u00a0\u00bb item_padding_768_1024=\u00a0\u00bb0 12% 0 4%\u00a0\u00bb item_padding_600_768=\u00a0\u00bb0 8% 0 0%\u00a0\u00bb item_padding_480_600=\u00a0\u00bb0 5% 0 0%\u00a0\u00bb item_padding_480=\u00a0\u00bb0 5% 0 0%\u00a0\u00bb][vc_empty_space height=\u00a0\u00bb50px\u00a0\u00bb][vc_single_image image=\u00a0\u00bb16275&Prime; img_size=\u00a0\u00bbfull\u00a0\u00bb qode_css_animation=\u00a0\u00bb\u00a0\u00bb][\/qode_elements_holder_item][\/qode_elements_holder][\/vc_column][\/vc_row][vc_row css_animation=\u00a0\u00bb\u00a0\u00bb row_type=\u00a0\u00bbrow\u00a0\u00bb use_row_as_full_screen_section=\u00a0\u00bbno\u00a0\u00bb type=\u00a0\u00bbfull_width\u00a0\u00bb angled_section=\u00a0\u00bbno\u00a0\u00bb text_align=\u00a0\u00bbleft\u00a0\u00bb background_image_as_pattern=\u00a0\u00bbwithout_pattern\u00a0\u00bb z_index=\u00a0\u00bb\u00a0\u00bb][vc_column][qode_elements_holder background_color=\u00a0\u00bb#383838&Prime; number_of_columns=\u00a0\u00bbone_column\u00a0\u00bb][qode_elements_holder_item advanced_animations=\u00a0\u00bbno\u00a0\u00bb item_padding=\u00a0\u00bb0 4% 0px 7%\u00a0\u00bb]<div class=\"qode_video_box disabled_hover_zoom\">\n\t<a itemprop=\"image\" class=\"qode_video_image\" href=\"https:\/\/youtu.be\/bhsyxbvYfgw\" data-rel=\"prettyPhoto\">\n\t\t\t\n\t\t\t<img src=\"https:\/\/www.esterpineda.com\/wp-content\/uploads\/2022\/05\/Ester-comunication-Strasbourg.png\" \/>\n\t\t\t<span class=\"qode_video_box_button_holder\">\n\t\t\t\t<span class=\"qode_video_box_button\">\n\t\t\t\t\t<span class=\"qode_video_box_button_arrow\">\n\t\t\t\t\t<\/span>\n\t\t\t\t<\/span>\n\t\t\t<\/span>\n\t\t\t<\/a>\n<\/div>[\/qode_elements_holder_item][\/qode_elements_holder][\/vc_column][\/vc_row]<\/p>\n","protected":false},"excerpt":{"rendered":"<p>[vc_row css_animation=\u00a0\u00bb\u00a0\u00bb row_type=\u00a0\u00bbrow\u00a0\u00bb use_row_as_full_screen_section=\u00a0\u00bbno\u00a0\u00bb type=\u00a0\u00bbgrid\u00a0\u00bb angled_section=\u00a0\u00bbno\u00a0\u00bb text_align=\u00a0\u00bbleft\u00a0\u00bb background_image_as_pattern=\u00a0\u00bbwithout_pattern\u00a0\u00bb z_index=\u00a0\u00bb\u00a0\u00bb css=\u00a0\u00bb.vc_custom_1522417278763{padding-top: 25px !important;}\u00a0\u00bb][vc_column offset=\u00a0\u00bbvc_col-lg-offset-0 vc_col-lg-6 vc_col-md-offset-0 vc_col-md-12 vc_col-xs-12&Prime;][qode_elements_holder number_of_columns=\u00a0\u00bbone_column\u00a0\u00bb][qode_elements_holder_item vertical_alignment=\u00a0\u00bbmiddle\u00a0\u00bb horizontal_alignment=\u00a0\u00bbcenter\u00a0\u00bb advanced_animations=\u00a0\u00bbno\u00a0\u00bb item_padding=\u00a0\u00bb0 13% 0 26%\u00a0\u00bb item_padding_768_1024=\u00a0\u00bb0 15% 0 16%\u00a0\u00bb item_padding_600_768=\u00a0\u00bb0 1% 0 1%\u00a0\u00bb item_padding_480_600=\u00a0\u00bb0 0 0 0&Prime; item_padding_480=\u00a0\u00bb0 0 0 0&Prime;][vc_empty_space height=\u00a0\u00bb50px\u00a0\u00bb][vc_single_image image=\u00a0\u00bb2884&Prime; img_size=\u00a0\u00bbfull\u00a0\u00bb qode_css_animation=\u00a0\u00bb\u00a0\u00bb][\/qode_elements_holder_item][\/qode_elements_holder][\/vc_column][vc_column&#8230;<\/p>\n","protected":false},"author":3,"featured_media":0,"parent":0,"menu_order":0,"comment_status":"closed","ping_status":"closed","template":"","meta":[],"_links":{"self":[{"href":"https:\/\/www.esterpineda.com\/index.php\/wp-json\/wp\/v2\/pages\/2946"}],"collection":[{"href":"https:\/\/www.esterpineda.com\/index.php\/wp-json\/wp\/v2\/pages"}],"about":[{"href":"https:\/\/www.esterpineda.com\/index.php\/wp-json\/wp\/v2\/types\/page"}],"author":[{"embeddable":true,"href":"https:\/\/www.esterpineda.com\/index.php\/wp-json\/wp\/v2\/users\/3"}],"replies":[{"embeddable":true,"href":"https:\/\/www.esterpineda.com\/index.php\/wp-json\/wp\/v2\/comments?post=2946"}],"version-history":[{"count":77,"href":"https:\/\/www.esterpineda.com\/index.php\/wp-json\/wp\/v2\/pages\/2946\/revisions"}],"predecessor-version":[{"id":17986,"href":"https:\/\/www.esterpineda.com\/index.php\/wp-json\/wp\/v2\/pages\/2946\/revisions\/17986"}],"wp:attachment":[{"href":"https:\/\/www.esterpineda.com\/index.php\/wp-json\/wp\/v2\/media?parent=2946"}],"curies":[{"name":"wp","href":"https:\/\/api.w.org\/{rel}","templated":true}]}}